{"id":8417,"date":"2019-11-25T10:56:33","date_gmt":"2019-11-25T09:56:33","guid":{"rendered":"https:\/\/www.munkert.de\/staging_munkert\/datenschutzerklaerung\/"},"modified":"2023-10-13T07:06:20","modified_gmt":"2023-10-13T05:06:20","slug":"privacy-policy","status":"publish","type":"page","link":"https:\/\/www.munkert.de\/en\/privacy-policy\/","title":{"rendered":"Privacy policy"},"content":{"rendered":"\n<div class=\"wp-block-group container\"><div class=\"wp-block-group__inner-container is-layout-flow wp-block-group-is-layout-flow\">\n<div class=\"wp-block-group\"><div class=\"wp-block-group__inner-container is-layout-flow wp-block-group-is-layout-flow\"><\/div><\/div>\n\n\n\n<div style=\"height:60px\" aria-hidden=\"true\" class=\"wp-block-spacer\"><\/div>\n\n\n\n<div class=\"wp-block-group\"><div class=\"wp-block-group__inner-container is-layout-flow wp-block-group-is-layout-flow\"><\/div><\/div>\n\n\n\n<p> &nbsp; <\/p>\n\n\n\n<h2 class=\"wp-block-heading\"><strong>Information on data protection<\/strong><\/h2>\n\n\n\n<p>In accordance with Art. 13 of the EU General Data Protection Regulation (DSGVO), we hereby inform you about the processing of your personal data by us.<\/p>\n\n\n\n<div style=\"height:15px\" aria-hidden=\"true\" class=\"wp-block-spacer\"><\/div>\n\n\n\n<p><strong>Responsible for data processing<\/strong><\/p>\n\n\n\n<p>MUNKERT &amp; PARTNER <br>Steuerberater Wirtschaftspr\u00fcfer Rechtsanw\u00e4lte mbB<br>\u00c4u\u00dfere Sulzbacher Stra\u00dfe 29<br>90491 N\u00fcrnberg<\/p>\n\n\n\n<p>Telephone:: + 49 (0) 911 \u2013 59 87 01<br>Fax: + 49 (0) 911 \u2013 59 87 400<br>EMail: <a href=\"mailto:info@munkert.de\" target=\"_blank\" rel=\"noreferrer noopener\">info@munkert.de<\/a><\/p>\n\n\n\n<p>You can reach our data protection officer by e-mail at <a href=\"mailto:datenschutz@neumeier-edv.de\">datenschutz@neumeier-edv.de<\/a>.<\/p>\n\n\n\n<div style=\"height:40px\" aria-hidden=\"true\" class=\"wp-block-spacer\"><\/div>\n\n\n\n<h2 class=\"wp-block-heading\">1. <strong>Use of our website www.munkert.de<\/strong><\/h2>\n\n\n\n<div style=\"height:20px\" aria-hidden=\"true\" class=\"wp-block-spacer\"><\/div>\n\n\n\n<h2 class=\"wp-block-heading\">1.1 <strong>Data that are always processed<\/strong><\/h2>\n\n\n\n<div style=\"height:20px\" aria-hidden=\"true\" class=\"wp-block-spacer\"><\/div>\n\n\n\n<p><strong>Server-<strong>log files<\/strong><\/strong><\/p>\n\n\n\n<p>Each time the website is accessed, we automatically store access data such as the name of the Internet service provider, the operating system used, the website from which the user is visiting us, the date and duration of the visit or the name of the requested file, as well as the IP address of the end device used for security reasons, e.g. to detect attacks on our website. This data is evaluated exclusively to improve our services and does not allow any conclusions to be drawn about the person of the user. This data is not merged with other data sources.<\/p>\n\n\n\n<div style=\"height:20px\" aria-hidden=\"true\" class=\"wp-block-spacer\"><\/div>\n\n\n\n<p><strong>Purpose(s) of the data processing<\/strong><\/p>\n\n\n\n<p>Technical security and defence against attempted attacks<\/p>\n\n\n\n<div style=\"height:15px\" aria-hidden=\"true\" class=\"wp-block-spacer\"><\/div>\n\n\n\n<p><strong>Legal basis(s) for reading data from the user&#8217;s terminal device<\/strong><\/p>\n\n\n\n<p>\u00a725 Para. 2 No. 2 TTDSG<\/p>\n\n\n\n<div style=\"height:15px\" aria-hidden=\"true\" class=\"wp-block-spacer\"><\/div>\n\n\n\n<p><strong>Legal basis(s) for the processing of personal data<\/strong><\/p>\n\n\n\n<p>Art. 6 para. 1 lit. f DSGVO (legitimate interest in the reliable operation of the website)<\/p>\n\n\n\n<div style=\"height:15px\" aria-hidden=\"true\" class=\"wp-block-spacer\"><\/div>\n\n\n\n<p><strong>Recipients or categories of recipients to whom data are disclosed<\/strong><\/p>\n\n\n\n<p>Web host<\/p>\n\n\n\n<div style=\"height:15px\" aria-hidden=\"true\" class=\"wp-block-spacer\"><\/div>\n\n\n\n<p><strong>Data transfer to a third country and legal basis therefor<\/strong><\/p>\n\n\n\n<p>Does not take place<\/p>\n\n\n\n<div style=\"height:15px\" aria-hidden=\"true\" class=\"wp-block-spacer\"><\/div>\n\n\n\n<p><strong>Storage period of the data or criteria for determining the storage period<\/strong><\/p>\n\n\n\n<p>14 days<\/p>\n\n\n\n<div style=\"height:40px\" aria-hidden=\"true\" class=\"wp-block-spacer\"><\/div>\n\n\n\n<h3 class=\"wp-block-heading\"><strong>Consent management tool<\/strong><\/h3>\n\n\n\n<p>As we use cookies on our website that require consent, we need to manage your consent or refusal. For this purpose, we use a so-called &#8220;consent management tool&#8221; (cookie banner). This saves the settings you have made in cookies.<\/p>\n\n\n\n<div style=\"height:20px\" aria-hidden=\"true\" class=\"wp-block-spacer\"><\/div>\n\n\n\n<p><strong>Purpose(s) of the data processing<\/strong><\/p>\n\n\n\n<p>Data processing consent management<\/p>\n\n\n\n<div style=\"height:15px\" aria-hidden=\"true\" class=\"wp-block-spacer\"><\/div>\n\n\n\n<p><strong>Legal basis(s) for reading out\/storing data from\/on the user&#8217;s end device<\/strong><\/p>\n\n\n\n<p>\u00a725 Para. 2 No. 2 TTDSG<\/p>\n\n\n\n<div style=\"height:15px\" aria-hidden=\"true\" class=\"wp-block-spacer\"><\/div>\n\n\n\n<p><strong>Legal basis(s) for the processing of personal data<\/strong><\/p>\n\n\n\n<p>Art. 6 para. 1 lit. c DSGVO in conjunction with BGH ruling of 28 May 2020 &#8211; I ZR 7\/16 (legal obligation)<\/p>\n\n\n\n<div style=\"height:15px\" aria-hidden=\"true\" class=\"wp-block-spacer\"><\/div>\n\n\n\n<p><strong>Recipients or categories of recipients to whom data are disclosed<\/strong><\/p>\n\n\n\n<p>none<\/p>\n\n\n\n<div style=\"height:15px\" aria-hidden=\"true\" class=\"wp-block-spacer\"><\/div>\n\n\n\n<p><strong>Data transfer to a third country and legal basis therefor<\/strong><\/p>\n\n\n\n<p>Does not take place<\/p>\n\n\n\n<div style=\"height:15px\" aria-hidden=\"true\" class=\"wp-block-spacer\"><\/div>\n\n\n\n<p><strong>Storage period of the data or criteria for determining the storage period<\/strong><\/p>\n\n\n\n<p>Duration of the session or 365 days<\/p>\n\n\n\n<div style=\"height:40px\" aria-hidden=\"true\" class=\"wp-block-spacer\"><\/div>\n\n\n\n<h3 class=\"wp-block-heading\"><strong>WPML translation service<\/strong><\/h3>\n\n\n\n<p><strong>Purpose(s) of the data processing<\/strong><\/p>\n\n\n\n<p>Provision of our website and the services requested by the user.<\/p>\n\n\n\n<div style=\"height:15px\" aria-hidden=\"true\" class=\"wp-block-spacer\"><\/div>\n\n\n\n<p><strong>Legal basis(s) for reading data from the user&#8217;s terminal device<\/strong><\/p>\n\n\n\n<p>\u00a725 Para. 2 No. 2 TTDSG<\/p>\n\n\n\n<div style=\"height:15px\" aria-hidden=\"true\" class=\"wp-block-spacer\"><\/div>\n\n\n\n<p><strong>Legal basis(s) for the processing of personal data<\/strong><\/p>\n\n\n\n<p>Art. 6 para. 1 lit. f DSGVO &#8211; Our legitimate interest in carrying out the translation requested by the user.<\/p>\n\n\n\n<div style=\"height:15px\" aria-hidden=\"true\" class=\"wp-block-spacer\"><\/div>\n\n\n\n<p><strong>Recipients or categories of recipients to whom data are disclosed<\/strong><\/p>\n\n\n\n<p>none<\/p>\n\n\n\n<div style=\"height:15px\" aria-hidden=\"true\" class=\"wp-block-spacer\"><\/div>\n\n\n\n<p><strong>Data transfer to a third country and legal basis therefor<\/strong><\/p>\n\n\n\n<p>Does not take place<\/p>\n\n\n\n<div style=\"height:15px\" aria-hidden=\"true\" class=\"wp-block-spacer\"><\/div>\n\n\n\n<p><strong>Storage period of the data or criteria for determining the storage period<\/strong><\/p>\n\n\n\n<p>2 days<\/p>\n\n\n\n<div style=\"height:40px\" aria-hidden=\"true\" class=\"wp-block-spacer\"><\/div>\n\n\n\n<h2 class=\"wp-block-heading\">1.2 <strong>Data processed only with your consent<\/strong><\/h2>\n\n\n\n<p>The following data processing only takes place if you have actively given your consent in the settings of our consent management tool (see point 1.1). The legal basis for the processing of your data is therefore Art. 6 para. 1 lit. a DSGVO. You can revoke your consent at any time by unchecking the corresponding box in our Consent Management Tool.<\/p>\n\n\n\n<div style=\"height:20px\" aria-hidden=\"true\" class=\"wp-block-spacer\"><\/div>\n\n\n\n<p><strong>Data transfer to the USA<\/strong><\/p>\n\n\n\n<p>We expressly point out that with your consent, your data may be transferred to the USA. US authorities can access this data as well as data stored by the recipients outside the USA without you being informed. The transfer of your data to the USA is also covered by your consent; the legal basis is therefore Art. 49 (1) a in conjunction with Art. 6 (1) a DSGVO.<\/p>\n\n\n\n<div style=\"height:15px\" aria-hidden=\"true\" class=\"wp-block-spacer\"><\/div>\n\n\n\n<p><strong>Purpose(s) of the data processing<\/strong><\/p>\n\n\n\n<p>Website analysis to optimise the offer, reach measurement, utilisation and evaluation of website interaction, conversion measurement. Provision of convenience functions and fonts.<\/p>\n\n\n\n<div style=\"height:15px\" aria-hidden=\"true\" class=\"wp-block-spacer\"><\/div>\n\n\n\n<p><strong>Legal basis(s) for reading out\/storing data from\/on the user&#8217;s end device<\/strong><\/p>\n\n\n\n<p>\u00a725 Para. 1 TTDSG<\/p>\n\n\n\n<div style=\"height:15px\" aria-hidden=\"true\" class=\"wp-block-spacer\"><\/div>\n\n\n\n<p><strong>Legal basis(s) for the processing of personal data<\/strong><\/p>\n\n\n\n<p>Art. 6 para. 1 lit. a DSGVO (consent of the user)<\/p>\n\n\n\n<div style=\"height:15px\" aria-hidden=\"true\" class=\"wp-block-spacer\"><\/div>\n\n\n\n<p><strong>Recipients or categories of recipients to whom data are disclosed<\/strong><\/p>\n\n\n\n<p>A detailed list of all recipients used can be found in our Consent Management Tool, section &#8220;Functional&#8221;.<\/p>\n\n\n\n<div style=\"height:15px\" aria-hidden=\"true\" class=\"wp-block-spacer\"><\/div>\n\n\n\n<p><strong>Data transfer to a third country and legal basis therefor<\/strong><\/p>\n\n\n\n<p>Some of the service providers used transfer data to a third country. The legal basis for the transfer is Art. 49 para. 1 lit. a DSGVO (consent of the user). You can find more details in the detailed description of the respective service in our Consent Management Tool, section &#8220;Functional&#8221;.<\/p>\n\n\n\n<div style=\"height:15px\" aria-hidden=\"true\" class=\"wp-block-spacer\"><\/div>\n\n\n\n<p><strong>Storage period of the data or criteria for determining the storage period<\/strong><\/p>\n\n\n\n<p>The storage period of the respective services can be found in our Consent Management Tool, section &#8220;Functional&#8221;.<\/p>\n\n\n\n<div style=\"height:50px\" aria-hidden=\"true\" class=\"wp-block-spacer\"><\/div>\n\n\n\n<h2 class=\"wp-block-heading\">1.3 <strong>Data that you transmit to us when contacting us<\/strong><\/h2>\n\n\n\n<p><strong>Purpose(s) of the data processing<\/strong><\/p>\n\n\n\n<p>Responding to your request to contact us.<\/p>\n\n\n\n<div style=\"height:15px\" aria-hidden=\"true\" class=\"wp-block-spacer\"><\/div>\n\n\n\n<p><strong>Legal basis(s) for reading out\/storing data from\/on the user&#8217;s end device<\/strong><\/p>\n\n\n\n<p>\u00a725 Para. 2 No. 2 TTDSG<\/p>\n\n\n\n<div style=\"height:15px\" aria-hidden=\"true\" class=\"wp-block-spacer\"><\/div>\n\n\n\n<p><strong>Legal basis(s) for the processing of personal data<\/strong><\/p>\n\n\n\n<p>The legal basis is based on your request, which may include (non-exhaustive list):<\/p>\n\n\n\n<ul class=\"wp-block-list\">\n<li>Art. 6 para. 1 lit. b DSGVO (enquiries or queries from customers)<\/li>\n\n\n\n<li>Art. 6 para. 1 lit. c DSGVO (legal obligation to process the request)<\/li>\n\n\n\n<li>Art. 6 para. 1 lit. f DSGVO (legitimate interest in responding to the request)<\/li>\n<\/ul>\n\n\n\n<div style=\"height:15px\" aria-hidden=\"true\" class=\"wp-block-spacer\"><\/div>\n\n\n\n<p><strong>Recipients or categories of recipients to whom data are disclosed<\/strong><\/p>\n\n\n\n<p>When submitting your request, the web host and our IT service provider may have access to the content.<\/p>\n\n\n\n<div style=\"height:15px\" aria-hidden=\"true\" class=\"wp-block-spacer\"><\/div>\n\n\n\n<p><strong>Data transfer to a third country and legal basis therefor<\/strong><\/p>\n\n\n\n<p>We do not transfer data from enquiries to a third country.<\/p>\n\n\n\n<div style=\"height:15px\" aria-hidden=\"true\" class=\"wp-block-spacer\"><\/div>\n\n\n\n<p><strong>Storage period of the data or criteria for determining the storage period<\/strong><\/p>\n\n\n\n<p>We only store your personal data for as long as is necessary to process your enquiry and any resulting obligations or legitimate interests on our part.<\/p>\n\n\n\n<div style=\"height:40px\" aria-hidden=\"true\" class=\"wp-block-spacer\"><\/div>\n\n\n\n<h2 class=\"wp-block-heading\">2<strong>.&nbsp;&nbsp;&nbsp;&nbsp;&nbsp; Clients<\/strong><\/h2>\n\n\n\n<p><strong>Purposes of data processing<\/strong><\/p>\n\n\n\n<p>If we have received data from you, we will only process it for the purposes for which we received or collected it:<\/p>\n\n\n\n<ul class=\"wp-block-list\">\n<li>Execution and settlement of the mandate relationship including correspondence,<\/li>\n\n\n\n<li>Fulfilment of our contractual and legal obligations as tax advisors, auditors and lawyers<\/li>\n\n\n\n<li>Processing within the scope of mutual claims arising from the consultancy contract (e.g. invoicing, claims for services, remuneration and liability, etc.)<\/li>\n\n\n\n<li>assertion, exercise or defence of legal claims of our clients or ourselves.<\/li>\n<\/ul>\n\n\n\n<p>Data processing for other purposes can only be considered if the necessary legal requirements pursuant to Art. 6 (4) DSGVO are met. In this case, we will of course comply with any information obligations pursuant to Art. 13 (3) and Art. 14 (4) DSGVO.<\/p>\n\n\n\n<div style=\"height:15px\" aria-hidden=\"true\" class=\"wp-block-spacer\"><\/div>\n\n\n\n<p><strong>The legal basis for the processing of personal data is Art. 6 DSGVO:<\/strong><\/p>\n\n\n\n<ul class=\"wp-block-list\">\n<li>Art. 6 para. 1 lit. b) DSGVO: Fulfilment of the mandate\/advice contract,<\/li>\n\n\n\n<li>Art. 6 para. 1 lit. c) DSGVO: Fulfilment of the legal obligations to which we are subject as tax advisors, auditors and lawyers<span style=\"color: initial;\">.<\/span><\/li>\n\n\n\n<li>Art. 6 para. 1 lit. f) DSGVO: As far as the data processing is necessary for the protection of legitimate interests of us or a third party; in particular, the continuous business relationship with our clients, as well as the assertion, exercise or defence of legal claims of our clients or us is in our legitimate interest.<\/li>\n<\/ul>\n\n\n\n<p>The legal basis for the processing of special categories of personal data is Art. 9 para. 2 lit. f) DSGVO, Art. 9 para. 2 lit. b) DSGVO in conjunction with \u00a711 para. 1 sentence 2, para. 2 sentence 2 StBerG.<\/p>\n\n\n\n<div style=\"height:15px\" aria-hidden=\"true\" class=\"wp-block-spacer\"><\/div>\n\n\n\n<p><strong>To which recipients is personal data passed on?<\/strong><\/p>\n\n\n\n<p>Personal data is only transferred to third parties on your behalf and with your consent. We pass on personal data to the following recipients within the scope of the mandate relationship:<\/p>\n\n\n\n<ul class=\"wp-block-list\">\n<li>Tax authority and courts<\/li>\n\n\n\n<li>Social insurance agency<\/li>\n\n\n\n<li>Bundesanzeiger Publishing House<\/li>\n\n\n\n<li>Banks, credit institutions, insurance companies and professional associations, KSK<\/li>\n\n\n\n<li>Contractors (e.g. data processors, IT service providers, etc.) whose services we only use insofar as they are obliged to maintain our professional secrecy as a participating person pursuant to Section 203 (3) of the German Criminal Code (StGB).<\/li>\n\n\n\n<li>to further recipients only after express release by the mandate<\/li>\n<\/ul>\n<\/div><\/div>\n\n\n\n<div class=\"wp-block-group container\"><div class=\"wp-block-group__inner-container is-layout-flow wp-block-group-is-layout-flow\">\n<div style=\"height:15px\" aria-hidden=\"true\" class=\"wp-block-spacer\"><\/div>\n\n\n\n<p><strong>Will the data be transferred to a third country?<\/strong><\/p>\n\n\n\n<p>Data is only transferred to a third country outside the European Union (EU)\/European Economic Area (EEA) if this is necessary for the execution of our mandate agreement (e.g. payment orders) or if the client instructs us to do so. We transmit data exclusively on the basis of the provisions of Articles 44 to 49 DSGVO.<\/p>\n\n\n\n<div style=\"height:15px\" aria-hidden=\"true\" class=\"wp-block-spacer\"><\/div>\n\n\n\n<p><strong>How long is personal data stored?<\/strong><\/p>\n\n\n\n<p>The personal data concerned shall be deleted as soon as storage is no longer necessary to fulfil the respective processing purposes.<\/p>\n\n\n\n<div style=\"height:50px\" aria-hidden=\"true\" class=\"wp-block-spacer\"><\/div>\n\n\n\n<h2 class=\"wp-block-heading\"><strong>3.&nbsp;&nbsp;&nbsp;&nbsp;&nbsp; Social media channels<\/strong><\/h2>\n\n\n\n<p>We maintain online presences on social networks and career platforms in order to be able to exchange information with the users registered there and to make contact in an uncomplicated manner.<\/p>\n\n\n\n<p>In some cases, the data of users in social networks is used to conduct market research and thus pursue advertising purposes. User profiles can be created via the usage behaviour of the users, for example the indication of interests, and used to adapt advertisements to the interests of target groups. For this purpose, cookies are regularly stored on the end devices of the users, partly regardless of whether they are registered users of the social network.<\/p>\n\n\n\n<p>In connection with the use of social media, we also use the associated messengers in order to be able to communicate with users in an uncomplicated manner. We would like to point out that the security of individual services may depend on the account settings of the user. Even in the case of end-to-end encryption, the service provider can draw conclusions about the fact that and when users communicate with us as well as possibly collect location data.<\/p>\n\n\n\n<p>Depending on where the social network is operated, user data may be processed outside the European Union or the European Economic Area. This can result in risks for users, for example because it makes it more difficult to enforce their rights.<\/p>\n\n\n\n<p>The processing of your data is based on Art. 6 para. 1 lit. f DSGVO.<\/p>\n\n\n\n<p>Below you will find the operator and data protection details of the respective social network.<\/p>\n\n\n\n<div style=\"height:40px\" aria-hidden=\"true\" class=\"wp-block-spacer\"><\/div>\n\n\n\n<p><strong>Facebook and Instagram<\/strong><\/p>\n\n\n\n<p>The further controller (besides us) of the data processing is:<\/p>\n\n\n\n<p>Meta Platforms Ireland Ltd, 4 Grand Canal Square, Grand Canal Harbour, Dublin 2 Ireland (Facebook).<\/p>\n\n\n\n<p>We are joint data controllers according to Art. 26 DSGVO as well as the Facebook Page Insights Supplement: <\/p>\n\n\n\n<p><a href=\"https:\/\/www.facebook.com\/legal\/terms\/page_controller_addendum\">https:\/\/www.facebook.com\/legal\/terms\/page_controller_addendum<\/a><\/p>\n\n\n\n<div style=\"height:15px\" aria-hidden=\"true\" class=\"wp-block-spacer\"><\/div>\n\n\n\n<p>Information on data processing by Facebook can be found here:<\/p>\n\n\n\n<p><a href=\"https:\/\/www.facebook.com\/privacy\/explanation\">https:\/\/www.facebook.com\/privacy\/explanation<\/a><\/p>\n\n\n\n<div style=\"height:15px\" aria-hidden=\"true\" class=\"wp-block-spacer\"><\/div>\n\n\n\n<p>Information on data processing by Instagram can be found here:<\/p>\n\n\n\n<p><a href=\"https:\/\/help.instagram.com\/155833707900388\">https:\/\/help.instagram.com\/155833707900388<\/a><\/p>\n\n\n\n<div style=\"height:15px\" aria-hidden=\"true\" class=\"wp-block-spacer\"><\/div>\n\n\n\n<p>Facebook combines your IP address with other information that Facebook receives through cookies and provides us, as the operator of the Facebook page, with statistical information about the use of this Facebook page (so-called page insights). These are aggregated data that show how users interact with the page. These Page Insights may be based on personal data collected by Facebook in connection with a user&#8217;s visit to or interaction with this Facebook Page and its content. Facebook provides more information about this here: <a href=\"https:\/\/www.facebook.com\/help\/pages\/insights\">https:\/\/www.facebook.com\/help\/pages\/insights<\/a>.<\/p>\n\n\n\n<p>We can use Page Insights to perform an anonymous evaluation of reach, page views, time spent on video posts, actions (likes, comments, sharing of posts), as well as by age, gender, and location (as indicated by users in their respective Facebook profiles). In this context, settings can be made for the evaluation of the reach or corresponding filters can be set with regard to the selection of a time period, the viewing of a specific post, and demographic groupings. This data is anonymized, aggregated and abstracted. It is therefore not possible to draw any conclusions about individuals. The evaluation serves to optimize the offer on the Facebook page for the purpose of public relations.<\/p>\n\n\n\n<div style=\"height:15px\" aria-hidden=\"true\" class=\"wp-block-spacer\"><\/div>\n<\/div><\/div>\n\n\n\n<p><\/p>\n\n\n\n<div class=\"wp-block-group container\"><div class=\"wp-block-group__inner-container is-layout-flow wp-block-group-is-layout-flow\">\n<div style=\"height:20px\" aria-hidden=\"true\" class=\"wp-block-spacer\"><\/div>\n\n\n\n<p><strong>Xing<\/strong><\/p>\n\n\n\n<p>Further responsible (besides us) for data processing is:<\/p>\n\n\n\n<p>New Work SE, Am Strandkai 1, 20457 Hamburg<\/p>\n\n\n\n<p>Privacy policy: <a href=\"https:\/\/privacy.xing.com\/de\/datenschutzerklaerung\">https:\/\/privacy.xing.com\/de\/datenschutzerklaerung<\/a><\/p>\n\n\n\n<div style=\"height:15px\" aria-hidden=\"true\" class=\"wp-block-spacer\"><\/div>\n\n\n\n<p><strong>LinkedIn<\/strong><\/p>\n\n\n\n<p>Further responsible (besides us) for data processing is:<\/p>\n\n\n\n<p>LinkedIn Corporation, 1000 West Maude Avenue, Sunnyvale, CA 94085, USA<\/p>\n\n\n\n<p>Privacy policy: <a href=\"https:\/\/de.linkedin.com\/legal\/privacy-policy\">https:\/\/de.linkedin.com\/legal\/privacy-policy<\/a><\/p>\n\n\n\n<div style=\"height:40px\" aria-hidden=\"true\" class=\"wp-block-spacer\"><\/div>\n\n\n\n<h2 class=\"wp-block-heading\"><strong>4.&nbsp;&nbsp;&nbsp;&nbsp;&nbsp; Applicants<\/strong><\/h2>\n\n\n\n<p><strong>Purpose(s) of the data processing<\/strong><\/p>\n\n\n\n<p>We use your data to assess whether you are suitable for the advertised position. If recruitment takes place, we will inform you separately about the change in processing.<\/p>\n\n\n\n<div style=\"height:15px\" aria-hidden=\"true\" class=\"wp-block-spacer\"><\/div>\n\n\n\n<p><strong>Legal basis(s) for reading out\/storing data from\/on the user&#8217;s end device<\/strong><\/p>\n\n\n\n<p>\u00a725 Para. 2 No. 2 TTDSG<\/p>\n\n\n\n<div style=\"height:15px\" aria-hidden=\"true\" class=\"wp-block-spacer\"><\/div>\n\n\n\n<p><strong>Legal basis(s) for the processing of personal data<\/strong><\/p>\n\n\n\n<p>Art. 6 para. 1 lit. b DSGVO.<\/p>\n\n\n\n<div style=\"height:15px\" aria-hidden=\"true\" class=\"wp-block-spacer\"><\/div>\n\n\n\n<p><strong>Recipients or categories of recipients to whom data are disclosed<\/strong><\/p>\n\n\n\n<p>We do not forward your application documents to third parties. If you apply to us via our application form on our homepage or by e-mail, the service providers supporting us will have access to it due to technical necessity. We only use carefully selected service providers who are based in Germany and are contractually obliged to comply with data protection regulations.<\/p>\n\n\n\n<p>All data is encrypted during storage and transmission in accordance with the state of the art and is therefore protected from unauthorised access.<\/p>\n\n\n\n<div style=\"height:15px\" aria-hidden=\"true\" class=\"wp-block-spacer\"><\/div>\n\n\n\n<p><strong>Data transfer to a third country and legal basis therefor<\/strong><\/p>\n\n\n\n<p>We do not transfer your data to a third country, nor do we use service providers who process your data in a third country.<\/p>\n\n\n\n<div style=\"height:15px\" aria-hidden=\"true\" class=\"wp-block-spacer\"><\/div>\n\n\n\n<p><strong>Storage period of the data or criteria for determining the storage period<\/strong> <\/p>\n\n\n\n<p>If there is no discontinuation, we will keep your data for a further period of 6 months in order to be able to defend ourselves against any legal claims on your part. This is our legitimate interest, the legal basis for which is Art. 6 para. 1 lit. f DSGVO.<\/p>\n\n\n\n<div style=\"height:50px\" aria-hidden=\"true\" class=\"wp-block-spacer\"><\/div>\n\n\n\n<h2 class=\"wp-block-heading\"><strong>Your rights as a person affected by data processing<\/strong><\/h2>\n\n\n\n<p><strong>Right to withdraw consent<\/strong><\/p>\n\n\n\n<p>If we process your data on the basis of your consent, you have the right to revoke your consent at any time with effect for the future in accordance with Art. 7 (3) DSGVO.<\/p>\n\n\n\n<div style=\"height:15px\" aria-hidden=\"true\" class=\"wp-block-spacer\"><\/div>\n\n\n\n<p><strong>Right to information<\/strong><\/p>\n\n\n\n<p>You can request information pursuant to Art. 15 DSGVO about your personal data processed by us. In your request for information, you should specify your request in order to make it easier for us to compile the necessary data. Please note that your right to information may be restricted under certain circumstances in accordance with the statutory provisions (in particular Section 34 BDSG).<\/p>\n\n\n\n<div style=\"height:15px\" aria-hidden=\"true\" class=\"wp-block-spacer\"><\/div>\n\n\n\n<p><strong>Right of rectification<\/strong><\/p>\n\n\n\n<p>If the information concerning you is not (or no longer) correct, you can request a correction in accordance with Art. 16 DSGVO. If your data is incomplete, you can request that it be completed.<\/p>\n\n\n\n<div style=\"height:15px\" aria-hidden=\"true\" class=\"wp-block-spacer\"><\/div>\n\n\n\n<p><strong>Right to erasure<\/strong><\/p>\n\n\n\n<p>You can request the deletion of your personal data under the conditions of Article 17 of the GDPR. Your right to erasure depends, among other things, on whether the data concerning you is still needed by us to comply with legal requirements.<\/p>\n\n\n\n<div style=\"height:15px\" aria-hidden=\"true\" class=\"wp-block-spacer\"><\/div>\n\n\n\n<p><strong>Right to restrict processing<\/strong><\/p>\n\n\n\n<p>Within the framework of the requirements of Art. 18 DSGVO, you have the right to demand a restriction of the processing of the data concerning you.<\/p>\n\n\n\n<div style=\"height:15px\" aria-hidden=\"true\" class=\"wp-block-spacer\"><\/div>\n\n\n\n<p><strong>Right to data portability<\/strong><\/p>\n\n\n\n<p>Within the scope of Art. 20 DSGVO, you have the right to receive the data you have provided to us from us in a structured, common and machine-readable format or to have it transferred to another controller.<\/p>\n\n\n\n<div style=\"height:15px\" aria-hidden=\"true\" class=\"wp-block-spacer\"><\/div>\n\n\n\n<p><strong>Right to object<\/strong><\/p>\n\n\n\n<p>If the processing of your personal data is based on Art. 6 (1) lit. f DSGVO, you have the right to object to the processing in accordance with Art. 21 DSGVO.<\/p>\n\n\n\n<div style=\"height:15px\" aria-hidden=\"true\" class=\"wp-block-spacer\"><\/div>\n\n\n\n<p><strong>Right to complain<\/strong><\/p>\n\n\n\n<p>If you are of the opinion that we have not complied with data protection regulations when processing your data, you can complain to a data protection supervisory authority in accordance with Art. 77 DSGVO.<\/p>\n<\/div><\/div>\n\n\n\n<div style=\"height:40px\" aria-hidden=\"true\" class=\"wp-block-spacer\"><\/div>\n\n\n\n<div class=\"wp-block-group container\"><div class=\"wp-block-group__inner-container is-layout-flow wp-block-group-is-layout-flow\">\n<p><strong>Precautionary note on the above English version<\/strong><\/p>\n\n\n\n<p>We expressly point out that in the event of any contradictory provisions in the above translated version of our information on data protection compared to the wording of our information in German, as well as gene relly in the event of other deviations in the translated version, the wording in German shall generally and primarily prevail.<\/p>\n\n\n\n<div style=\"height:15px\" aria-hidden=\"true\" class=\"wp-block-spacer\"><\/div>\n\n\n\n<p>Status: 12.10.2023<\/p>\n\n\n\n<p><\/p>\n<\/div><\/div>\n\n\n\n<p><strong><br><\/strong><\/p>\n\n\n\n<div class=\"wp-block-group container\"><div class=\"wp-block-group__inner-container is-layout-flow wp-block-group-is-layout-flow\">\n<p><br><\/p>\n\n\n\n<div style=\"height:20px\" aria-hidden=\"true\" class=\"wp-block-spacer\"><\/div>\n\n\n\n<h4 class=\"wp-block-heading\"><\/h4>\n\n\n\n<div style=\"height:40px\" aria-hidden=\"true\" class=\"wp-block-spacer\"><\/div>\n\n\n\n<p><\/p>\n\n\n\n<p> &nbsp; <\/p>\n\n\n\n<p> &nbsp; <\/p>\n\n\n\n<p><\/p>\n<\/div><\/div>\n\n\n\n<p><\/p>\n","protected":false},"excerpt":{"rendered":"<b>Privacy policy<\/b>","protected":false},"author":1,"featured_media":7782,"parent":0,"menu_order":0,"comment_status":"closed","ping_status":"closed","template":"","meta":{"_acf_changed":false,"footnotes":""},"class_list":["post-8417","page","type-page","status-publish","has-post-thumbnail","hentry"],"acf":[],"yoast_head":"<!-- This site is optimized with the Yoast SEO plugin v26.8 - https:\/\/yoast.com\/product\/yoast-seo-wordpress\/ -->\n<title>Privacy policy | MUNKERT &amp; PARTNER<\/title>\n<meta name=\"description\" content=\"Here you will find all relevant information about privacy policy | MUNKERT &amp; PARTNER.\" \/>\n<meta name=\"robots\" content=\"index, follow, max-snippet:-1, max-image-preview:large, max-video-preview:-1\" \/>\n<link rel=\"canonical\" href=\"https:\/\/www.munkert.de\/en\/privacy-policy\/\" \/>\n<meta property=\"og:locale\" content=\"en_US\" \/>\n<meta property=\"og:type\" content=\"article\" \/>\n<meta property=\"og:title\" content=\"Privacy policy | MUNKERT &amp; PARTNER\" \/>\n<meta property=\"og:description\" content=\"Here you will find all relevant information about privacy policy | MUNKERT &amp; PARTNER.\" \/>\n<meta property=\"og:url\" content=\"https:\/\/www.munkert.de\/en\/privacy-policy\/\" \/>\n<meta property=\"og:site_name\" content=\"MUNKERT &amp; PARTNER- Steuerberater Wirtschaftspr\u00fcfer Rechtsanw\u00e4lte\" \/>\n<meta property=\"article:modified_time\" content=\"2023-10-13T05:06:20+00:00\" \/>\n<meta property=\"og:image\" content=\"https:\/\/www.munkert.de\/wp-content\/uploads\/Munkert_Shooting_Details-39.jpg\" \/>\n\t<meta property=\"og:image:width\" content=\"2500\" \/>\n\t<meta property=\"og:image:height\" content=\"1667\" \/>\n\t<meta property=\"og:image:type\" content=\"image\/jpeg\" \/>\n<meta name=\"twitter:card\" content=\"summary_large_image\" \/>\n<meta name=\"twitter:label1\" content=\"Est. reading time\" \/>\n\t<meta name=\"twitter:data1\" content=\"16 minutes\" \/>\n<script type=\"application\/ld+json\" class=\"yoast-schema-graph\">{\"@context\":\"https:\/\/schema.org\",\"@graph\":[{\"@type\":\"WebPage\",\"@id\":\"https:\/\/www.munkert.de\/en\/privacy-policy\/\",\"url\":\"https:\/\/www.munkert.de\/en\/privacy-policy\/\",\"name\":\"Privacy policy | MUNKERT & PARTNER\",\"isPartOf\":{\"@id\":\"https:\/\/www.munkert.de\/en\/#website\"},\"primaryImageOfPage\":{\"@id\":\"https:\/\/www.munkert.de\/en\/privacy-policy\/#primaryimage\"},\"image\":{\"@id\":\"https:\/\/www.munkert.de\/en\/privacy-policy\/#primaryimage\"},\"thumbnailUrl\":\"https:\/\/www.munkert.de\/wp-content\/uploads\/Munkert_Shooting_Details-39.jpg\",\"datePublished\":\"2019-11-25T09:56:33+00:00\",\"dateModified\":\"2023-10-13T05:06:20+00:00\",\"description\":\"Here you will find all relevant information about privacy policy | MUNKERT & PARTNER.\",\"breadcrumb\":{\"@id\":\"https:\/\/www.munkert.de\/en\/privacy-policy\/#breadcrumb\"},\"inLanguage\":\"en-US\",\"potentialAction\":[{\"@type\":\"ReadAction\",\"target\":[\"https:\/\/www.munkert.de\/en\/privacy-policy\/\"]}]},{\"@type\":\"ImageObject\",\"inLanguage\":\"en-US\",\"@id\":\"https:\/\/www.munkert.de\/en\/privacy-policy\/#primaryimage\",\"url\":\"https:\/\/www.munkert.de\/wp-content\/uploads\/Munkert_Shooting_Details-39.jpg\",\"contentUrl\":\"https:\/\/www.munkert.de\/wp-content\/uploads\/Munkert_Shooting_Details-39.jpg\",\"width\":2500,\"height\":1667},{\"@type\":\"BreadcrumbList\",\"@id\":\"https:\/\/www.munkert.de\/en\/privacy-policy\/#breadcrumb\",\"itemListElement\":[{\"@type\":\"ListItem\",\"position\":1,\"name\":\"Home\",\"item\":\"https:\/\/www.munkert.de\/en\/\"},{\"@type\":\"ListItem\",\"position\":2,\"name\":\"Privacy policy\"}]},{\"@type\":\"WebSite\",\"@id\":\"https:\/\/www.munkert.de\/en\/#website\",\"url\":\"https:\/\/www.munkert.de\/en\/\",\"name\":\"MUNKERT &amp; PARTNER- Steuerberater Wirtschaftspr\u00fcfer Rechtsanw\u00e4lte\",\"description\":\"\",\"publisher\":{\"@id\":\"https:\/\/www.munkert.de\/en\/#organization\"},\"potentialAction\":[{\"@type\":\"SearchAction\",\"target\":{\"@type\":\"EntryPoint\",\"urlTemplate\":\"https:\/\/www.munkert.de\/en\/?s={search_term_string}\"},\"query-input\":{\"@type\":\"PropertyValueSpecification\",\"valueRequired\":true,\"valueName\":\"search_term_string\"}}],\"inLanguage\":\"en-US\"},{\"@type\":\"Organization\",\"@id\":\"https:\/\/www.munkert.de\/en\/#organization\",\"name\":\"MUNKERT & PARTNER GbR Steuerberater Wirtschaftspr\u00fcfer Rechtsanw\u00e4lte\",\"url\":\"https:\/\/www.munkert.de\/en\/\",\"logo\":{\"@type\":\"ImageObject\",\"inLanguage\":\"en-US\",\"@id\":\"https:\/\/www.munkert.de\/en\/#\/schema\/logo\/image\/\",\"url\":\"https:\/\/www.munkert.de\/wp-content\/uploads\/logo.png\",\"contentUrl\":\"https:\/\/www.munkert.de\/wp-content\/uploads\/logo.png\",\"width\":320,\"height\":122,\"caption\":\"MUNKERT & PARTNER GbR Steuerberater Wirtschaftspr\u00fcfer Rechtsanw\u00e4lte\"},\"image\":{\"@id\":\"https:\/\/www.munkert.de\/en\/#\/schema\/logo\/image\/\"}}]}<\/script>\n<!-- \/ Yoast SEO plugin. -->","yoast_head_json":{"title":"Privacy policy | MUNKERT & PARTNER","description":"Here you will find all relevant information about privacy policy | MUNKERT & PARTNER.","robots":{"index":"index","follow":"follow","max-snippet":"max-snippet:-1","max-image-preview":"max-image-preview:large","max-video-preview":"max-video-preview:-1"},"canonical":"https:\/\/www.munkert.de\/en\/privacy-policy\/","og_locale":"en_US","og_type":"article","og_title":"Privacy policy | MUNKERT & PARTNER","og_description":"Here you will find all relevant information about privacy policy | MUNKERT & PARTNER.","og_url":"https:\/\/www.munkert.de\/en\/privacy-policy\/","og_site_name":"MUNKERT &amp; PARTNER- Steuerberater Wirtschaftspr\u00fcfer Rechtsanw\u00e4lte","article_modified_time":"2023-10-13T05:06:20+00:00","og_image":[{"width":2500,"height":1667,"url":"https:\/\/www.munkert.de\/wp-content\/uploads\/Munkert_Shooting_Details-39.jpg","type":"image\/jpeg"}],"twitter_card":"summary_large_image","twitter_misc":{"Est. reading time":"16 minutes"},"schema":{"@context":"https:\/\/schema.org","@graph":[{"@type":"WebPage","@id":"https:\/\/www.munkert.de\/en\/privacy-policy\/","url":"https:\/\/www.munkert.de\/en\/privacy-policy\/","name":"Privacy policy | MUNKERT & PARTNER","isPartOf":{"@id":"https:\/\/www.munkert.de\/en\/#website"},"primaryImageOfPage":{"@id":"https:\/\/www.munkert.de\/en\/privacy-policy\/#primaryimage"},"image":{"@id":"https:\/\/www.munkert.de\/en\/privacy-policy\/#primaryimage"},"thumbnailUrl":"https:\/\/www.munkert.de\/wp-content\/uploads\/Munkert_Shooting_Details-39.jpg","datePublished":"2019-11-25T09:56:33+00:00","dateModified":"2023-10-13T05:06:20+00:00","description":"Here you will find all relevant information about privacy policy | MUNKERT & PARTNER.","breadcrumb":{"@id":"https:\/\/www.munkert.de\/en\/privacy-policy\/#breadcrumb"},"inLanguage":"en-US","potentialAction":[{"@type":"ReadAction","target":["https:\/\/www.munkert.de\/en\/privacy-policy\/"]}]},{"@type":"ImageObject","inLanguage":"en-US","@id":"https:\/\/www.munkert.de\/en\/privacy-policy\/#primaryimage","url":"https:\/\/www.munkert.de\/wp-content\/uploads\/Munkert_Shooting_Details-39.jpg","contentUrl":"https:\/\/www.munkert.de\/wp-content\/uploads\/Munkert_Shooting_Details-39.jpg","width":2500,"height":1667},{"@type":"BreadcrumbList","@id":"https:\/\/www.munkert.de\/en\/privacy-policy\/#breadcrumb","itemListElement":[{"@type":"ListItem","position":1,"name":"Home","item":"https:\/\/www.munkert.de\/en\/"},{"@type":"ListItem","position":2,"name":"Privacy policy"}]},{"@type":"WebSite","@id":"https:\/\/www.munkert.de\/en\/#website","url":"https:\/\/www.munkert.de\/en\/","name":"MUNKERT &amp; PARTNER- Steuerberater Wirtschaftspr\u00fcfer Rechtsanw\u00e4lte","description":"","publisher":{"@id":"https:\/\/www.munkert.de\/en\/#organization"},"potentialAction":[{"@type":"SearchAction","target":{"@type":"EntryPoint","urlTemplate":"https:\/\/www.munkert.de\/en\/?s={search_term_string}"},"query-input":{"@type":"PropertyValueSpecification","valueRequired":true,"valueName":"search_term_string"}}],"inLanguage":"en-US"},{"@type":"Organization","@id":"https:\/\/www.munkert.de\/en\/#organization","name":"MUNKERT & PARTNER GbR Steuerberater Wirtschaftspr\u00fcfer Rechtsanw\u00e4lte","url":"https:\/\/www.munkert.de\/en\/","logo":{"@type":"ImageObject","inLanguage":"en-US","@id":"https:\/\/www.munkert.de\/en\/#\/schema\/logo\/image\/","url":"https:\/\/www.munkert.de\/wp-content\/uploads\/logo.png","contentUrl":"https:\/\/www.munkert.de\/wp-content\/uploads\/logo.png","width":320,"height":122,"caption":"MUNKERT & PARTNER GbR Steuerberater Wirtschaftspr\u00fcfer Rechtsanw\u00e4lte"},"image":{"@id":"https:\/\/www.munkert.de\/en\/#\/schema\/logo\/image\/"}}]}},"_links":{"self":[{"href":"https:\/\/www.munkert.de\/en\/wp-json\/wp\/v2\/pages\/8417","targetHints":{"allow":["GET"]}}],"collection":[{"href":"https:\/\/www.munkert.de\/en\/wp-json\/wp\/v2\/pages"}],"about":[{"href":"https:\/\/www.munkert.de\/en\/wp-json\/wp\/v2\/types\/page"}],"author":[{"embeddable":true,"href":"https:\/\/www.munkert.de\/en\/wp-json\/wp\/v2\/users\/1"}],"replies":[{"embeddable":true,"href":"https:\/\/www.munkert.de\/en\/wp-json\/wp\/v2\/comments?post=8417"}],"version-history":[{"count":40,"href":"https:\/\/www.munkert.de\/en\/wp-json\/wp\/v2\/pages\/8417\/revisions"}],"predecessor-version":[{"id":13982,"href":"https:\/\/www.munkert.de\/en\/wp-json\/wp\/v2\/pages\/8417\/revisions\/13982"}],"wp:featuredmedia":[{"embeddable":true,"href":"https:\/\/www.munkert.de\/en\/wp-json\/wp\/v2\/media\/7782"}],"wp:attachment":[{"href":"https:\/\/www.munkert.de\/en\/wp-json\/wp\/v2\/media?parent=8417"}],"curies":[{"name":"wp","href":"https:\/\/api.w.org\/{rel}","templated":true}]}}